{"id":2,"date":"2021-07-01T20:19:19","date_gmt":"2021-07-01T18:19:19","guid":{"rendered":"http:\/\/verdunlesarts.org\/?page_id=2"},"modified":"2025-11-17T17:02:24","modified_gmt":"2025-11-17T16:02:24","slug":"page-d-exemple","status":"publish","type":"page","link":"https:\/\/verdunlesarts.org\/","title":{"rendered":"Verdun les arts\/La maison d&rsquo;Elisa&amp;Fran\u00e7ois"},"content":{"rendered":"\n<blockquote class=\"wp-block-quote is-layout-flow wp-block-quote-is-layout-flow\">\n<p class=\"has-text-align-center has-white-color has-vivid-cyan-blue-background-color has-text-color has-background has-link-color has-medium-font-size wp-elements-fe04787f568d98b1edf62f05a848129d\">Verdun les arts, une association \u00e0 but non lucratif a cr\u00e9\u00e9 l&rsquo;habitat partag\u00e9<\/p>\n\n\n\n<p class=\"has-text-align-center has-white-color has-vivid-cyan-blue-background-color has-text-color has-background has-link-color wp-elements-871334959b87a7ad6da9ad8f06cfb40e\">\u00ab Vous avez envie de vieillir autrement, dans un lieu o\u00f9 chacun garde son autonomie mais o\u00f9 la solidarit\u00e9 est pr\u00e9sente au quotidien ? Notre habitat partag\u00e9 en montagne (600 m d\u2019altitude, proche d\u2019un bourg avec gare et services) cherche un groupe de personnes 65+ ou en situation de handicap, d\u00e9j\u00e0 li\u00e9es par une envie commune de vivre ensemble. \u00bb<\/p>\n<\/blockquote>\n\n\n\n<figure class=\"wp-block-image size-large is-resized\"><img fetchpriority=\"high\" decoding=\"async\" width=\"1024\" height=\"768\" src=\"https:\/\/verdunlesarts.org\/wp-content\/uploads\/2024\/10\/Facade-maison-soleil-4-1024x768.jpeg\" alt=\"\" class=\"wp-image-461\" style=\"width:384px;height:auto\" srcset=\"https:\/\/verdunlesarts.org\/wp-content\/uploads\/2024\/10\/Facade-maison-soleil-4-1024x768.jpeg 1024w, https:\/\/verdunlesarts.org\/wp-content\/uploads\/2024\/10\/Facade-maison-soleil-4-300x225.jpeg 300w, https:\/\/verdunlesarts.org\/wp-content\/uploads\/2024\/10\/Facade-maison-soleil-4-768x576.jpeg 768w, https:\/\/verdunlesarts.org\/wp-content\/uploads\/2024\/10\/Facade-maison-soleil-4-1536x1152.jpeg 1536w, https:\/\/verdunlesarts.org\/wp-content\/uploads\/2024\/10\/Facade-maison-soleil-4-2048x1536.jpeg 2048w\" sizes=\"(max-width: 1024px) 100vw, 1024px\" \/><figcaption class=\"wp-element-caption\"> \u00ab\u00a0La maison d&rsquo;Elisa&amp;Fran\u00e7ois\u00a0\u00bbse situe \u00e0 <strong>Verdun en Ari\u00e8ge<\/strong> (09)<\/figcaption><\/figure>\n\n\n\n<h2 class=\"wp-block-heading has-white-color has-white-background-color has-text-color has-background has-link-color wp-elements-19f82ff59ca64948fc5288a3e7e24298\"><mark style=\"background-color:rgba(0, 0, 0, 0)\" class=\"has-inline-color has-luminous-vivid-orange-color\"><strong>Habitat partag\u00e9 \u00e0 la montagne \u2013 convivialit\u00e9, respect et entraide<\/strong><br>dans un cadre naturel privil\u00e9gi\u00e9, proche d\u2019un bourg vivant, entour\u00e9 de villages, avec gare et acc\u00e8s rapide \u00e0 la route nationale.<\/mark><\/h2>\n\n\n\n<p><\/p>\n\n\n\n<blockquote class=\"wp-block-quote is-layout-flow wp-block-quote-is-layout-flow\">\n<blockquote class=\"wp-block-quote is-layout-flow wp-block-quote-is-layout-flow\">\n<p class=\"has-vivid-cyan-blue-color has-text-color has-link-color has-medium-font-size wp-elements-b69ca13295d7db7568e2196492502697\">C\u2019est un lieu qui combine calme, nature et accessibilit\u00e9, id\u00e9al pour celles et ceux qui souhaitent une vie collective en milieu rural tout en restant connect\u00e9s aux services essentiels.<\/p>\n<\/blockquote>\n\n\n\n<p class=\"has-white-color has-luminous-vivid-orange-background-color has-text-color has-background has-link-color wp-elements-dfc60a7f4e8efa95a30d19bfbd602e8a\"><br>Notre d\u00e9marche :<\/p>\n\n\n\n<ul class=\"wp-block-list\">\n<li class=\"has-vivid-red-color has-text-color has-link-color wp-elements-380154ac24c7117d79ff7f79e5d4e76f\">Cr\u00e9er un espace de vie bas\u00e9 sur le respect mutuel, la coop\u00e9ration et la participation active de chacun.<\/li>\n\n\n\n<li class=\"has-vivid-red-color has-text-color has-link-color wp-elements-44d9d779dce823ec2535bfbb65d25ec7\">Proposer plus qu\u2019un logement : un projet de vie o\u00f9 l\u2019on partage des espaces, des t\u00e2ches et des moments conviviaux.<\/li>\n\n\n\n<li class=\"has-vivid-red-color has-text-color has-link-color wp-elements-4349e73abb7f6aa2ce2f0c24d0ab95ce\">Maintenir un \u00e9quilibre entre intimit\u00e9 personnelle et vie collective.<\/li>\n<\/ul>\n\n\n\n<div class=\"wp-block-group is-layout-constrained wp-block-group-is-layout-constrained\">\n<pre class=\"wp-block-verse has-white-color has-luminous-vivid-orange-background-color has-text-color has-background has-link-color wp-elements-6e65cb9341aeac1f1b9d75b32b980744\"><strong>Ce que nous cherchons :<\/strong><\/pre>\n<\/div>\n\n\n\n<ul class=\"wp-block-list\">\n<li class=\"has-vivid-red-color has-text-color has-link-color wp-elements-f76ad6c2b63eacff74aacbd156d7d9db\">Des personnes pr\u00eates \u00e0 s\u2019impliquer humainement et financi\u00e8rement,<\/li>\n\n\n\n<li class=\"has-vivid-red-color has-text-color has-link-color wp-elements-b7172a8bcebf28be86855a2243ed8178\">Motiv\u00e9es par la vie en collectif et la proximit\u00e9 avec la nature,<\/li>\n\n\n\n<li class=\"has-vivid-red-color has-text-color has-link-color wp-elements-6e502e8756ab5bb96f27b143adbb23a3\">Respectueuses de r\u00e8gles communes et ouvertes au dialogue.<br>Ce projet n\u2019est pas une colocation \u201cbon march\u00e9\u201d, mais une aventure collective o\u00f9 chacun contribue.<\/li>\n<\/ul>\n<\/blockquote>\n\n\n\n<figure class=\"wp-block-image size-large is-resized\"><img decoding=\"async\" width=\"1024\" height=\"1024\" src=\"https:\/\/verdunlesarts.org\/wp-content\/uploads\/2022\/11\/Claudemoi-ete-2-1024x1024.jpeg\" alt=\"\" class=\"wp-image-299\" style=\"width:147px;height:auto\" srcset=\"https:\/\/verdunlesarts.org\/wp-content\/uploads\/2022\/11\/Claudemoi-ete-2-1024x1024.jpeg 1024w, https:\/\/verdunlesarts.org\/wp-content\/uploads\/2022\/11\/Claudemoi-ete-2-300x300.jpeg 300w, https:\/\/verdunlesarts.org\/wp-content\/uploads\/2022\/11\/Claudemoi-ete-2-150x150.jpeg 150w, https:\/\/verdunlesarts.org\/wp-content\/uploads\/2022\/11\/Claudemoi-ete-2-1536x1536.jpeg 1536w, https:\/\/verdunlesarts.org\/wp-content\/uploads\/2022\/11\/Claudemoi-ete-2-2048x2048.jpeg 2048w, https:\/\/verdunlesarts.org\/wp-content\/uploads\/2022\/11\/Claudemoi-ete-2-650x650.jpeg 650w, https:\/\/verdunlesarts.org\/wp-content\/uploads\/2022\/11\/Claudemoi-ete-2-1300x1300.jpeg 1300w\" sizes=\"(max-width: 1024px) 100vw, 1024px\" \/><\/figure>\n\n\n\n<blockquote class=\"wp-block-quote is-layout-flow wp-block-quote-is-layout-flow\">\n<p class=\"has-text-align-center has-white-color has-vivid-cyan-blue-background-color has-text-color has-background has-link-color wp-elements-ecd8b3f4da408cfd0c58ae6c016d4ae2\">L&rsquo;histoire \u00e0 d\u00e9but\u00e9 gr\u00e2ce \u00e0 Claude et Nathalie, ils ont fait connaissant \u00e0 Toulouse en 2013 en tant que voisins. Ils sont devenus amis, car r\u00e9unis par leur passion commune autour des arts graphiques. Mais Claude diab\u00e9tique est entr\u00e9 en 2020 dans le parcours de la dialyse et sa sant\u00e9 s&rsquo;est d\u00e9t\u00e9rior\u00e9e ; on lui a recommand\u00e9 &lsquo;d&rsquo;int\u00e9grer un EHPAD. <\/p>\n\n\n\n<p class=\"has-text-align-center has-white-color has-vivid-cyan-blue-background-color has-text-color has-background has-link-color wp-elements-2489701a7a2520affa6713547728b366\">C&rsquo;est alors que Nathalie a d\u00e9couvert en 2021 une grande maison qui attendait ses prochains propri\u00e9taires&#8230; elle lui a sugg\u00e9r\u00e9 l&rsquo;id\u00e9e d&rsquo;un habitat partag\u00e9. Claude a valid\u00e9 et ensemble ils ont commenc\u00e9 \u00e0 r\u00e9fl\u00e9chir au projet d&rsquo;habitat id\u00e9al. En 2023, alors que la phase 1 des travaux aboutissait malheureusement Claude est parti d\u00e9finitivement&#8230; les personnes impliqu\u00e9es ne se sont pas d\u00e9courag\u00e9es et ont continu\u00e9 \u00e0 travailler pour cr\u00e9er cet habitat qui cherche aujourd&rsquo;hui de merveilleux locataires.<\/p>\n<\/blockquote>\n\n\n\n<p class=\"has-white-color has-luminous-vivid-orange-background-color has-text-color has-background has-link-color wp-elements-b0d31d7fc618a6db023e1044731327b8\">Le projet est port\u00e9 par une personne morale :&nbsp;<\/p>\n\n\n\n<p class=\"has-drop-cap has-text-align-left has-white-color has-luminous-vivid-orange-background-color has-text-color has-background has-link-color wp-elements-3c48287405ee023915c6317b7ffce4ba\">Association, structure de l\u2019ESS : \u00c9conomie Sociale et Solidaire. Verdun les arts, l&rsquo;association est propri\u00e9taire de la maison.<\/p>\n\n\n\n<p><\/p>\n\n\n\n<p class=\"has-drop-cap has-text-align-left has-drop-cap\"><\/p>\n\n\n\n<p class=\"has-drop-cap has-text-align-left has-drop-cap\"><\/p>\n\n\n\n<p class=\"has-black-color has-luminous-vivid-amber-background-color has-text-color has-background has-link-color has-x-large-font-size wp-elements-6b12b785705b6badb0feacbfd59ae76a\" style=\"font-style:normal;font-weight:300\">Les personnes qui s&rsquo;engagent dans le projet vivent avec consid\u00e9ration pour eux-m\u00eame et pour les autres et souhaite vivre dans un lieu soucieux du respect \u00e9cologique et dans l&rsquo;id\u00e9e de cr\u00e9er leur projet d&rsquo;animation.<\/p>\n\n\n\n<p class=\"has-drop-cap has-text-align-left has-drop-cap\"><mark style=\"background-color:rgba(0, 0, 0, 0)\" class=\"has-inline-color has-background-color\"><mark style=\"background-color:rgba(0, 0, 0, 0)\" class=\"has-inline-color has-background-color\"><\/mark><\/mark><\/p>\n\n\n\n<p class=\"has-small-font-size\"><\/p>\n\n\n\n<p class=\"has-white-color has-luminous-vivid-orange-background-color has-text-color has-background has-link-color wp-elements-beb1a66ef1f675733a9e2363e816ce66\"><strong>Ce que nous proposons :<br><\/strong>* Un habitat partag\u00e9 respectueux de l\u2019autonomie de chacun,<br>* Un lieu bas\u00e9 sur la solidarit\u00e9, l\u2019entraide et la convivialit\u00e9,<br>* Des espaces communs pour se retrouver et partager,<br>* Un cadre naturel agr\u00e9able, accessible et bien connect\u00e9.<\/p>\n\n\n\n<p class=\"has-white-color has-luminous-vivid-orange-background-color has-text-color has-background has-link-color wp-elements-21670c43d0e837d4d5a3d457d2dab419\"><strong>Ce que nous recherchons :<br><\/strong>* Un groupe de personnes d\u00e9j\u00e0 motiv\u00e9es \u00e0 vieillir ensemble,<br>* Des habitants pr\u00eats \u00e0 s\u2019impliquer dans une vie collective simple et respectueuse,<br>* Des personnes cherchant une alternative \u00e0 l\u2019isolement, sans esprit de \u201cr\u00e9sidence m\u00e9dicalis\u00e9e\u201d.<br>Ici, il ne s\u2019agit pas seulement d\u2019un logement, mais d\u2019un projet de vie pour mieux vieillir ensemble avec un projet \u00e0 porter. Projet d&rsquo;animation, suivi du projet collectif avec une r\u00e9elle implication de chacun<\/p>\n\n\n\n<p class=\"has-white-color has-luminous-vivid-orange-background-color has-text-color has-background has-link-color wp-elements-2aff3a5a8bd6eb84ade4b7bfddbe9eb4\"><\/p>\n\n\n\n<p>(L&rsquo;association Verdun les arts &#8211; novembre 2025)<\/p>\n\n\n\n<p><\/p>\n","protected":false},"excerpt":{"rendered":"<p>Verdun les arts, une association \u00e0 but non lucratif a cr\u00e9\u00e9 l&rsquo;habitat partag\u00e9 \u00ab Vous avez envie de vieillir autrement, dans un lieu o\u00f9 chacun garde son autonomie mais o\u00f9 la solidarit\u00e9 est pr\u00e9sente au quotidien ? Notre habitat partag\u00e9 en montagne (600 m d\u2019altitude, proche d\u2019un bourg avec gare et services) cherche un groupe [&hellip;]<\/p>\n","protected":false},"author":1,"featured_media":54,"parent":0,"menu_order":0,"comment_status":"closed","ping_status":"open","template":"","meta":{"footnotes":""},"class_list":["post-2","page","type-page","status-publish","has-post-thumbnail","hentry"],"_links":{"self":[{"href":"https:\/\/verdunlesarts.org\/index.php\/wp-json\/wp\/v2\/pages\/2","targetHints":{"allow":["GET"]}}],"collection":[{"href":"https:\/\/verdunlesarts.org\/index.php\/wp-json\/wp\/v2\/pages"}],"about":[{"href":"https:\/\/verdunlesarts.org\/index.php\/wp-json\/wp\/v2\/types\/page"}],"author":[{"embeddable":true,"href":"https:\/\/verdunlesarts.org\/index.php\/wp-json\/wp\/v2\/users\/1"}],"replies":[{"embeddable":true,"href":"https:\/\/verdunlesarts.org\/index.php\/wp-json\/wp\/v2\/comments?post=2"}],"version-history":[{"count":50,"href":"https:\/\/verdunlesarts.org\/index.php\/wp-json\/wp\/v2\/pages\/2\/revisions"}],"predecessor-version":[{"id":626,"href":"https:\/\/verdunlesarts.org\/index.php\/wp-json\/wp\/v2\/pages\/2\/revisions\/626"}],"wp:featuredmedia":[{"embeddable":true,"href":"https:\/\/verdunlesarts.org\/index.php\/wp-json\/wp\/v2\/media\/54"}],"wp:attachment":[{"href":"https:\/\/verdunlesarts.org\/index.php\/wp-json\/wp\/v2\/media?parent=2"}],"curies":[{"name":"wp","href":"https:\/\/api.w.org\/{rel}","templated":true}]}}